{"id":14,"date":"2024-06-13T19:12:17","date_gmt":"2024-06-13T19:12:17","guid":{"rendered":"https:\/\/egerie.art\/?page_id=14"},"modified":"2025-01-11T07:21:26","modified_gmt":"2025-01-11T07:21:26","slug":"accueil","status":"publish","type":"page","link":"https:\/\/egerie.art\/","title":{"rendered":"Accueil"},"content":{"rendered":"<p>[et_pb_section fb_built=\u00a0\u00bb1&Prime; _builder_version=\u00a0\u00bb4.25.2&Prime; _module_preset=\u00a0\u00bbdefault\u00a0\u00bb background_image=\u00a0\u00bbhttps:\/\/egerie.art\/wp-content\/uploads\/2024\/06\/fd-egerie.png\u00a0\u00bb background_size=\u00a0\u00bbinitial\u00a0\u00bb background_repeat=\u00a0\u00bbrepeat-y\u00a0\u00bb min_height=\u00a0\u00bb1437px\u00a0\u00bb custom_margin=\u00a0\u00bb0px||0px||false|false\u00a0\u00bb custom_padding=\u00a0\u00bb0px||0px||false|false\u00a0\u00bb global_colors_info=\u00a0\u00bb{}\u00a0\u00bb][et_pb_row _builder_version=\u00a0\u00bb4.25.2&Prime; _module_preset=\u00a0\u00bbdefault\u00a0\u00bb width=\u00a0\u00bb100%\u00a0\u00bb max_width=\u00a0\u00bb100%\u00a0\u00bb custom_margin=\u00a0\u00bb0px|auto|0px|auto|false|false\u00a0\u00bb custom_padding=\u00a0\u00bb0px||0px||false|false\u00a0\u00bb global_colors_info=\u00a0\u00bb{}\u00a0\u00bb][et_pb_column type=\u00a0\u00bb4_4&Prime; _builder_version=\u00a0\u00bb4.25.2&Prime; _module_preset=\u00a0\u00bbdefault\u00a0\u00bb global_colors_info=\u00a0\u00bb{}\u00a0\u00bb][et_pb_image src=\u00a0\u00bbhttps:\/\/egerie.art\/wp-content\/uploads\/2024\/06\/egerie600.png\u00a0\u00bb title_text=\u00a0\u00bbpresentation-egerie-200&Prime; align_tablet=\u00a0\u00bb\u00a0\u00bb align_phone=\u00a0\u00bb\u00a0\u00bb align_last_edited=\u00a0\u00bbon|phone\u00a0\u00bb _builder_version=\u00a0\u00bb4.27.0&Prime; _module_preset=\u00a0\u00bbdefault\u00a0\u00bb background_image=\u00a0\u00bbhttps:\/\/egerie.art\/wp-content\/uploads\/2024\/06\/presentation-egerie-200.png\u00a0\u00bb background_size=\u00a0\u00bbinitial\u00a0\u00bb background_position=\u00a0\u00bbcenter_left\u00a0\u00bb background_repeat=\u00a0\u00bbrepeat-y\u00a0\u00bb custom_margin=\u00a0\u00bb||-1px|||\u00a0\u00bb custom_padding=\u00a0\u00bb|||200px|false|false\u00a0\u00bb custom_padding_tablet=\u00a0\u00bb|||200px|false|false\u00a0\u00bb custom_padding_phone=\u00a0\u00bb|||20px|false|false\u00a0\u00bb custom_padding_last_edited=\u00a0\u00bbon|phone\u00a0\u00bb background_last_edited=\u00a0\u00bbon|phone\u00a0\u00bb background_enable_image_phone=\u00a0\u00bboff\u00a0\u00bb global_colors_info=\u00a0\u00bb{}\u00a0\u00bb][\/et_pb_image][et_pb_menu menu_style=\u00a0\u00bbcentered\u00a0\u00bb dropdown_menu_line_color=\u00a0\u00bb#cfa807&Prime; dropdown_menu_active_link_color=\u00a0\u00bb#cfa807&Prime; menu_icon_color=\u00a0\u00bb#cfa807&Prime; _builder_version=\u00a0\u00bb4.27.0&Prime; _module_preset=\u00a0\u00bbdefault\u00a0\u00bb menu_font=\u00a0\u00bbmyriad pro||||||||\u00a0\u00bb menu_text_color=\u00a0\u00bb#621360&Prime; menu_font_size=\u00a0\u00bb22px\u00a0\u00bb background_enable_color=\u00a0\u00bboff\u00a0\u00bb background_image=\u00a0\u00bbhttps:\/\/egerie.art\/wp-content\/uploads\/2024\/06\/presentation-egerie-200.png\u00a0\u00bb background_size=\u00a0\u00bbinitial\u00a0\u00bb background_position=\u00a0\u00bbcenter_left\u00a0\u00bb background_repeat=\u00a0\u00bbrepeat-y\u00a0\u00bb max_width_tablet=\u00a0\u00bb\u00a0\u00bb max_width_phone=\u00a0\u00bb80%\u00a0\u00bb max_width_last_edited=\u00a0\u00bbon|phone\u00a0\u00bb module_alignment=\u00a0\u00bbcenter\u00a0\u00bb custom_margin=\u00a0\u00bb||7px||false|false\u00a0\u00bb custom_padding=\u00a0\u00bb||15px|250px|false|false\u00a0\u00bb custom_padding_tablet=\u00a0\u00bb|||250px|false|false\u00a0\u00bb custom_padding_phone=\u00a0\u00bb|||0px|false|false\u00a0\u00bb custom_padding_last_edited=\u00a0\u00bbon|phone\u00a0\u00bb background_last_edited=\u00a0\u00bbon|phone\u00a0\u00bb background_enable_image_phone=\u00a0\u00bboff\u00a0\u00bb module_alignment_tablet=\u00a0\u00bbcenter\u00a0\u00bb module_alignment_phone=\u00a0\u00bbcenter\u00a0\u00bb module_alignment_last_edited=\u00a0\u00bbon|phone\u00a0\u00bb global_colors_info=\u00a0\u00bb{}\u00a0\u00bb][\/et_pb_menu][et_pb_text _builder_version=\u00a0\u00bb4.27.0&Prime; _module_preset=\u00a0\u00bbdefault\u00a0\u00bb text_text_color=\u00a0\u00bb#621360&Prime; header_font=\u00a0\u00bbmyriad pro|100|||||||\u00a0\u00bb header_text_color=\u00a0\u00bb#621360&Prime; header_2_font=\u00a0\u00bbMyriad pro light||||||||\u00a0\u00bb header_2_text_color=\u00a0\u00bb#621360&Prime; header_3_font=\u00a0\u00bbMyriad pro light||||||||\u00a0\u00bb header_3_text_align=\u00a0\u00bbjustify\u00a0\u00bb header_3_text_color=\u00a0\u00bb#621360&Prime; header_3_line_height=\u00a0\u00bb1.5em\u00a0\u00bb header_4_font=\u00a0\u00bbMyriad pro light||||||||\u00a0\u00bb header_4_text_align=\u00a0\u00bbjustify\u00a0\u00bb header_4_text_color=\u00a0\u00bb#621360&Prime; header_4_line_height=\u00a0\u00bb1.5em\u00a0\u00bb header_5_font=\u00a0\u00bbmyriad pro||||||||\u00a0\u00bb header_6_font=\u00a0\u00bbmyriad pro||||||||\u00a0\u00bb background_image=\u00a0\u00bbhttps:\/\/egerie.art\/wp-content\/uploads\/2024\/06\/presentation-egerie-200.png\u00a0\u00bb background_size=\u00a0\u00bbinitial\u00a0\u00bb background_position=\u00a0\u00bbcenter_left\u00a0\u00bb background_repeat=\u00a0\u00bbrepeat-y\u00a0\u00bb custom_margin=\u00a0\u00bb-8px||-4px|||\u00a0\u00bb custom_padding=\u00a0\u00bb50px|100px|2px|250px|false|false\u00a0\u00bb custom_padding_tablet=\u00a0\u00bb50px|100px|50px|250px|false|false\u00a0\u00bb custom_padding_phone=\u00a0\u00bb10px|10px|10px|10px|false|false\u00a0\u00bb custom_padding_last_edited=\u00a0\u00bbon|phone\u00a0\u00bb background_last_edited=\u00a0\u00bbon|desktop\u00a0\u00bb background_enable_image_phone=\u00a0\u00bboff\u00a0\u00bb global_colors_info=\u00a0\u00bb{}\u00a0\u00bb]<\/p>\n<h1 id=\"propos\"><strong>A propos<\/strong><\/h1>\n<p><strong><\/strong><\/p>\n<h2 style=\"text-align: justify;\">\u00c9g\u00e9rie &#8211; inspirer &#8211; cr\u00e9er vous accompagne dans la r\u00e9alisation de vos projets litt\u00e9raires.<\/h2>\n<h2 style=\"text-align: justify;\">\u00c9g\u00e9rie comme conseill\u00e8re et inspiratrice des \u00e9crivain.e.x ou des porteur.euse.x de projets en lien aux mots.<\/h2>\n<h1 id=\"propos\"><a href=\"https:\/\/www.facebook.com\/profile.php?id=61564955371811\"><strong><img loading=\"lazy\" decoding=\"async\" src=\"https:\/\/egerie.art\/wp-content\/uploads\/2024\/09\/R-300x300.png\" width=\"45\" height=\"45\" alt=\"\" class=\"wp-image-217 alignleft size-medium\" \/><\/strong><\/a><a href=\"https:\/\/www.linkedin.com\/company\/%C3%A9g%C3%A9rie-inspirer-cr%C3%A9er\/\" title=\"Linkedin\"><strong><img loading=\"lazy\" decoding=\"async\" src=\"https:\/\/egerie.art\/wp-content\/uploads\/2024\/09\/174857-300x300.png\" width=\"46\" height=\"46\" alt=\"\" class=\"wp-image-219 alignleft size-medium\" \/><\/strong><\/a><a href=\"https:\/\/www.instagram.com\/egerie.inspirer.creer\/\"><img loading=\"lazy\" decoding=\"async\" src=\"https:\/\/egerie.art\/wp-content\/uploads\/2024\/09\/insta.png\" width=\"48\" height=\"48\" alt=\"\" class=\"wp-image-229 alignleft size-full\" srcset=\"https:\/\/egerie.art\/wp-content\/uploads\/2024\/09\/insta.png 225w, https:\/\/egerie.art\/wp-content\/uploads\/2024\/09\/insta-150x150.png 150w\" sizes=\"(max-width: 48px) 100vw, 48px\" \/><\/a><\/h1>\n<h1><\/h1>\n<p>&nbsp;<\/p>\n<h1><\/h1>\n<h1><\/h1>\n<h1>Bio<\/h1>\n<h3><img loading=\"lazy\" decoding=\"async\" src=\"https:\/\/egerie.art\/wp-content\/uploads\/2024\/06\/photo-231x300.png\" width=\"231\" height=\"300\" alt=\"\" class=\"wp-image-117 alignleft size-medium\" srcset=\"https:\/\/egerie.art\/wp-content\/uploads\/2024\/06\/photo-231x300.png 231w, https:\/\/egerie.art\/wp-content\/uploads\/2024\/06\/photo.png 307w\" sizes=\"(max-width: 231px) 100vw, 231px\" \/><\/h3>\n<h3 style=\"text-align: justify;\"><strong>Autrice, experte en litt\u00e9rature romande et gestionnaire culturelle, je vous conseille et vous guide dans votre parcours.<\/strong><\/h3>\n<h4 style=\"text-align: justify;\">Dipl\u00f4m\u00e9e en Lettres en 2008 avec un m\u00e9moire consacr\u00e9 \u00e0 Wajdi Mouawad, j\u2019ai co-fond\u00e9 <a href=\"https:\/\/tulalu.ch\/\">Tulalu\u00a0!?<\/a> en 2010. J\u2019ai \u00e9t\u00e9 pendant sept ans l\u2019heureuse pr\u00e9sidente de cette association qui promeut et valorise la litt\u00e9rature romande gr\u00e2ce \u00e0 une riche programmation d\u2019\u00e9v\u00e9nements.<\/h4>\n<h4 style=\"text-align: justify;\">J\u2019ai travaill\u00e9 pendant neuf ans \u00e0 l\u2019actualit\u00e9 radio de la Radio T\u00e9l\u00e9vision Suisse avant de me reformer en gestion culturelle. Dans le cadre de ces \u00e9tudes, j\u2019ai cr\u00e9\u00e9 le concept de <a href=\"https:\/\/www.limonadelitteraire.ch\/\">La Limonade Litt\u00e9raire<\/a>, des lectures th\u00e9\u00e2tralis\u00e9es pour enfants dans des caf\u00e9s\/restaurants.<\/h4>\n<h4 style=\"text-align: justify;\">Experte pour la commission litt\u00e9raire du Service des affaires culturelles du Canton de Vaud pendant six ans, j\u2019ai lu \u00e9norm\u00e9ment de manuscrits propos\u00e9s par les maisons d\u2019\u00e9ditions romandes. J\u2019ai r\u00e9dig\u00e9 des rapports et pr\u00e9avis\u00e9 de nombreux dossiers. J\u2019ai particip\u00e9 avec enthousiasme aux \u00e9changes passionnants en termes de politique culturelle du livre.<\/h4>\n<h4 style=\"text-align: justify;\">J&rsquo;accompagne et encourage les auteurices dans leur chemin litt\u00e9raire avec cr\u00e9ativit\u00e9 et empathie. Je conseille \u00e9galement les maisons d&rsquo;\u00e9dition ainsi que les associations et institutions culturelles.<\/h4>\n<h4 style=\"text-align: justify;\"><\/h4>\n<p>[\/et_pb_text][et_pb_toggle title=\u00a0\u00bbEn savoir plus sur moi &#8230;..\u00a0\u00bb open_toggle_text_color=\u00a0\u00bb#621360&Prime; closed_toggle_text_color=\u00a0\u00bb#621360&Prime; icon_color=\u00a0\u00bb#515151&Prime; use_icon_font_size=\u00a0\u00bbon\u00a0\u00bb icon_font_size=\u00a0\u00bb26px\u00a0\u00bb open_icon_color=\u00a0\u00bbRGBA(255,255,255,0)\u00a0\u00bb _builder_version=\u00a0\u00bb4.27.0&Prime; _module_preset=\u00a0\u00bbdefault\u00a0\u00bb title_text_color=\u00a0\u00bb#621360&Prime; title_level=\u00a0\u00bbh4&Prime; title_font=\u00a0\u00bbMyriad pro light||||||||\u00a0\u00bb title_line_height=\u00a0\u00bb1.5em\u00a0\u00bb closed_title_font=\u00a0\u00bbMyriad pro light||on||||||\u00a0\u00bb closed_title_font_size=\u00a0\u00bb18px\u00a0\u00bb closed_title_line_height=\u00a0\u00bb1.5em\u00a0\u00bb body_font=\u00a0\u00bbMyriad pro light||||||||\u00a0\u00bb body_text_align=\u00a0\u00bbleft\u00a0\u00bb body_text_color=\u00a0\u00bb#621360&Prime; body_font_size=\u00a0\u00bb18px\u00a0\u00bb body_line_height=\u00a0\u00bb1.5em\u00a0\u00bb background_color=\u00a0\u00bbRGBA(255,255,255,0)\u00a0\u00bb background_image=\u00a0\u00bbhttps:\/\/egerie.art\/wp-content\/uploads\/2024\/06\/presentation-egerie-200.png\u00a0\u00bb background_size=\u00a0\u00bbinitial\u00a0\u00bb background_position=\u00a0\u00bbcenter_left\u00a0\u00bb text_orientation=\u00a0\u00bbleft\u00a0\u00bb custom_margin=\u00a0\u00bb4px||-7px||false|false\u00a0\u00bb custom_padding=\u00a0\u00bb|100px|45px|250px|false|false\u00a0\u00bb custom_padding_tablet=\u00a0\u00bb|100px||250px|false|false\u00a0\u00bb custom_padding_phone=\u00a0\u00bb43px|15px||10px|false|false\u00a0\u00bb custom_padding_last_edited=\u00a0\u00bbon|phone\u00a0\u00bb background_last_edited=\u00a0\u00bbon|phone\u00a0\u00bb background_enable_image_phone=\u00a0\u00bboff\u00a0\u00bb border_width_all=\u00a0\u00bb0px\u00a0\u00bb global_colors_info=\u00a0\u00bb{}\u00a0\u00bb]<\/p>\n<p>Coordinatrice de nombreux projets culturels, j&rsquo;ai travaill\u00e9 pour une compagnie de cirque contemporain, <a href=\"https:\/\/www.courantdcirque.ch\/\">Courant d&rsquo;cirque<\/a>, qui propose des spectacles inclusifs. J&rsquo;ai collabor\u00e9 avec la fondation <a href=\"https:\/\/sjw.ch\/fr\">\u0153uvre Suisse des lectures pour la jeunesse<\/a> (OSL) ainsi que pour le projet <a href=\"https:\/\/decriremaville.ch\/neuchatel\/\">D\u2019\u00e9crire ma ville Neuch\u00e2tel.<\/a> J&rsquo;ai assum\u00e9 le r\u00f4le de collaboratrice administrative, puis de responsable de coordination au sein de la Fondation Nestl\u00e9 pour l\u2019Art qui a ferm\u00e9 ses portes en 2023.<\/p>\n<p>Je suis l\u2019autrice de plusieurs pi\u00e8ces de th\u00e9\u00e2tre et nouvelles, publi\u00e9es notamment aux <a href=\"https:\/\/editions-romann.ch\/\">\u00e9ditions Romann <\/a>et chez <a href=\"http:\/\/www.bsnpress.com\/\">BSNpress<\/a>.<\/p>\n<p>Je suis passionn\u00e9e par le milieu du livre, efficace, dynamique et diplomate.<\/p>\n<h4 style=\"text-align: justify;\"><\/h4>\n<p>[\/et_pb_toggle][et_pb_text _builder_version=\u00a0\u00bb4.27.4&Prime; _module_preset=\u00a0\u00bbdefault\u00a0\u00bb text_text_color=\u00a0\u00bb#621360&Prime; header_font=\u00a0\u00bbmyriad pro|100|||||||\u00a0\u00bb header_text_color=\u00a0\u00bb#621360&Prime; header_2_font=\u00a0\u00bbMyriad pro light||||||||\u00a0\u00bb header_2_text_color=\u00a0\u00bb#621360&Prime; header_3_font=\u00a0\u00bbMyriad pro light||||||||\u00a0\u00bb header_3_text_align=\u00a0\u00bbjustify\u00a0\u00bb header_3_text_color=\u00a0\u00bb#621360&Prime; header_3_line_height=\u00a0\u00bb1.5em\u00a0\u00bb header_4_font=\u00a0\u00bbMyriad pro light||||||||\u00a0\u00bb header_4_text_align=\u00a0\u00bbjustify\u00a0\u00bb header_4_text_color=\u00a0\u00bb#621360&Prime; header_4_line_height=\u00a0\u00bb1.5em\u00a0\u00bb header_5_font=\u00a0\u00bbmyriad pro||||||||\u00a0\u00bb header_6_font=\u00a0\u00bbmyriad pro||||||||\u00a0\u00bb background_image=\u00a0\u00bbhttps:\/\/egerie.art\/wp-content\/uploads\/2024\/06\/presentation-egerie-200.png\u00a0\u00bb background_size=\u00a0\u00bbinitial\u00a0\u00bb background_position=\u00a0\u00bbcenter_left\u00a0\u00bb background_repeat=\u00a0\u00bbrepeat-y\u00a0\u00bb custom_margin=\u00a0\u00bb-47px||-4px|||\u00a0\u00bb custom_padding=\u00a0\u00bb50px|100px|50px|250px|false|false\u00a0\u00bb custom_padding_tablet=\u00a0\u00bb50px|100px|50px|250px|false|false\u00a0\u00bb custom_padding_phone=\u00a0\u00bb10px|10px|10px|10px|false|false\u00a0\u00bb custom_padding_last_edited=\u00a0\u00bbon|phone\u00a0\u00bb hover_enabled=\u00a0\u00bb0&Prime; background_last_edited=\u00a0\u00bbon|desktop\u00a0\u00bb background_enable_image_phone=\u00a0\u00bboff\u00a0\u00bb global_colors_info=\u00a0\u00bb{}\u00a0\u00bb sticky_enabled=\u00a0\u00bb0&Prime;]<\/p>\n<h1 id=\"prestations\"><strong>Prestations<\/strong><\/h1>\n<p style=\"text-align: justify;\"><strong>\u00a0<\/strong><\/p>\n<h4 style=\"text-align: justify;\">Enrichie par mon parcours d\u2019autrice, de cr\u00e9atrice et coordinatrice de projets litt\u00e9raires, de gestionnaire culturelle et d\u2019ancienne experte litt\u00e9raire pour le Service des affaires culturelles du Canton de Vaud, je vous accompagne avec motivation, cr\u00e9ativit\u00e9 et sensibilit\u00e9 dans les formules suivantes :<\/h4>\n<p>&nbsp;<\/p>\n<h1><strong>A comme agence<\/strong><\/h1>\n<h4><\/h4>\n<p>&nbsp;<\/p>\n<ul>\n<li>\n<h4>votre manuscrit est termin\u00e9 ou presque et vous avez besoin d\u2019un avis sur votre texte, je serais ravie de vous lire et de vous faire un retour ;<\/h4>\n<\/li>\n<li>\n<h4>votre manuscrit est termin\u00e9 et vous cherchez la maison d\u2019\u00e9dition ad\u00e9quate pour le recevoir, je suis \u00e0 votre disposition pour donner mon avis et vous aider dans la prise de contact avec les personnes cl\u00e9 ;<\/h4>\n<\/li>\n<li>\n<h4>vous avez envie de publier ou vous allez \u00eatre publi\u00e9.e.x, je vous guide dans les prochaines \u00e9tapes (contrat, droits d&rsquo;auteur, promotion, etc.) ;<\/h4>\n<\/li>\n<li style=\"text-align: justify;\">\n<h4>votre livre ou votre projet va para\u00eetre\/\u00eatre lanc\u00e9, je vous aide et vous encourage \u00e0 bien pr\u00e9senter votre propos, vos th\u00e9matiques, votre profil et je vous conseille sur la r\u00e9daction d\u2019un communiqu\u00e9 de presse. Je vous accompagne dans la prise de contact avec les m\u00e9dias.<\/h4>\n<h3><o:p><\/o:p><\/h3>\n<\/li>\n<\/ul>\n<h1><strong>C comme cr\u00e9ation et E comme expertise<\/strong><\/h1>\n<p>&nbsp;<\/p>\n<ul>\n<li style=\"text-align: justify;\">\n<h4>vous souhaitez commander un texte de fiction, je suis \u00e0 votre \u00e9coute ;<\/h4>\n<\/li>\n<li style=\"text-align: justify;\">\n<h4>\u00a0vous voulez cr\u00e9er un \u00e9v\u00e9nement, je vous \u00e9paule ;<\/h4>\n<\/li>\n<li style=\"text-align: justify;\">\n<h4>\u00a0vous avez besoin d&rsquo;aide pour une programmation, je vous conseille \u00a0 ;<\/h4>\n<\/li>\n<li style=\"text-align: justify;\">\n<h4>\u00a0vous avez besoin d&rsquo;une personne de confiance pour coordonner des \u00e9v\u00e9nements, je rel\u00e8ve le d\u00e9fi ;<\/h4>\n<\/li>\n<li style=\"text-align: justify;\">\n<h4>vous cherchez une experte pour un jury litt\u00e9raire, je suis \u00e0 votre disposition.<\/h4>\n<\/li>\n<\/ul>\n<p>&nbsp;<\/p>\n<h1><strong>G comme gestion culturelle<br \/><\/strong><\/h1>\n<p>&nbsp;<\/p>\n<ul>\n<li style=\"text-align: justify;\">\n<h4>vous avez cr\u00e9\u00e9 un projet et vous avez besoin d\u2019aide pour le g\u00e9rer, je peux vous accompagner dans cette voie ;<\/h4>\n<\/li>\n<li style=\"text-align: justify;\">\n<h4>vous avez besoin d\u2019aide pour r\u00e9diger des dossiers de demandes de soutien de qualit\u00e9 \u00e0 d\u00e9poser aupr\u00e8s des subventionneurs publics et des m\u00e9c\u00e8nes, je peux me charger de votre recherche de fonds ;<\/h4>\n<\/li>\n<li style=\"text-align: justify;\">\n<h4>vous avez d\u2019autres besoins en lien \u00e0 la gestion de votre projet ? Contactez-moi.<\/h4>\n<\/li>\n<\/ul>\n<p>&nbsp;<\/p>\n<p>&nbsp;<\/p>\n<h1 id=\"retours\"><strong>Vos retours<\/strong><\/h1>\n<p><strong><\/strong><\/p>\n<p><strong><\/strong><\/p>\n<h3 style=\"text-align: justify;\"><strong>Le retour de Sabine Dormond, autrice<\/strong><\/h3>\n<h4 style=\"text-align: justify;\">\u00ab J&rsquo;ai \u00e9t\u00e9 l&rsquo;une des premi\u00e8res \u00e0 b\u00e9n\u00e9ficier des services de Carole Dubuis quand elle s&rsquo;est lanc\u00e9e comme agente litt\u00e9raire. Carole m&rsquo;a aid\u00e9e et encourag\u00e9e \u00e0 \u00e9tablir un dossier d&rsquo;accompagnement que j&rsquo;aurais n\u00e9glig\u00e9 ou au mieux b\u00e2cl\u00e9 sans ses pr\u00e9cieux conseils. Elle a lu tr\u00e8s attentivement mon manuscrit et pris la peine d&rsquo;\u00e9tablir un rapport qui fait ressortir les grandes lignes de l&rsquo;histoire, en souligne les forces et les qualit\u00e9s. C&rsquo;est tr\u00e8s appr\u00e9ciable pour un-e auteur-e de pouvoir s&rsquo;appuyer sur l&rsquo;avis d&rsquo;une tierce personne aussi comp\u00e9tente. Carole a toujours baign\u00e9 dans la litt\u00e9rature et r\u00e9ussi tout ce qu&rsquo;elle a entrepris. \u00e7a me donne vraiment confiance pour le devenir du manuscrit que je lui ai confi\u00e9.<strong>\u00bb<\/strong><\/h4>\n<p><strong><\/strong><\/p>\n<h3 style=\"text-align: justify;\"><strong>Le retour de Caroline Salhi-Kohler et Marjorie Joris Mourey, co-autrices de \u00ab Des saltos dans mon cerveau \u00bb<\/strong><\/h3>\n<h4 style=\"text-align: justify;\">\u00ab Pour faire conna\u00eetre notre BD r\u00e9cemment publi\u00e9e, Carole Dubuis nous a \u00e9t\u00e9 d\u2019une aide pr\u00e9cieuse. Nous avons pu b\u00e9n\u00e9ficier de son r\u00e9seau bien \u00e9tabli et de ses nombreux contacts. Cela a permis \u00e0 notre BD de gagner une belle visibilit\u00e9. La RTS a r\u00e9alis\u00e9 un reportage au 19h30. L\u2019\u00e9mission CQFD nous a \u00e9galement contact\u00e9s pour r\u00e9aliser un sujet. Tout cela n\u2019aurait pas pu \u00eatre possible sans elle. Carole est une personne de confiance, engag\u00e9e dans son travail, et qui a \u00e0 c\u0153ur de mettre en valeur les projets qu\u2019elle soutient. Nous ne pouvons que la recommander.<strong>\u00bb<\/strong><\/h4>\n<p><strong><\/strong><\/p>\n<h3><strong>Le retour du fondateur de <a href=\"https:\/\/bacobaco.ch\/\">Baco<\/a>, une entreprise qui aide \u00e0 cr\u00e9er des nouveaux environnements de travail<br \/><\/strong><\/h3>\n<h4 style=\"text-align: justify;\">\u00ab L\u2019expertise et l\u2019exp\u00e9rience de Carole Dubuis ont permis de contribuer \u00e0 la cr\u00e9ation de nouveaux environnements de travail pour deux services de la culture. De par ses connaissances, Carole a propos\u00e9 des id\u00e9es pour mettre les espaces de travail au service de la vision et des missions de ces services.<\/h4>\n<h4 style=\"text-align: justify;\">Cette approche novatrice permet de cr\u00e9er des environnements de travail qui font sens, pour les collaboratrices et collaborateurs du service, pour les partenaires, actrices et acteurs culturels et pour la population b\u00e9n\u00e9ficiant de ces prestations<strong>\u00bb.<\/strong><\/h4>\n<p>&nbsp;<\/p>\n<h1>Tarifs<\/h1>\n<h3 id=\"contacter\"><strong>Profitez de 30 minutes offertes pour m&rsquo;exposer votre projet et voyons comment je peux vous aider.<\/strong><\/h3>\n<p>&nbsp;<\/p>\n<p>[\/et_pb_text][et_pb_contact_form email=\u00a0\u00bbinfo@egerie.art\u00a0\u00bb title=\u00a0\u00bbMe contacter\u00a0\u00bb success_message=\u00a0\u00bbVotre message a bien \u00e9t\u00e9 envoy\u00e9\u00a0\u00bb _builder_version=\u00a0\u00bb4.27.0&Prime; _module_preset=\u00a0\u00bbdefault\u00a0\u00bb _unique_id=\u00a0\u00bbb48a98a6-6eb7-44a3-8bc9-42fe53443d4d\u00a0\u00bb form_field_background_color=\u00a0\u00bb#FFFFFF\u00a0\u00bb title_text_color=\u00a0\u00bb#621360&Prime; captcha_text_color=\u00a0\u00bb#000000&Prime; background_image=\u00a0\u00bbhttps:\/\/egerie.art\/wp-content\/uploads\/2024\/06\/presentation-egerie-200.png\u00a0\u00bb background_size=\u00a0\u00bbinitial\u00a0\u00bb background_position=\u00a0\u00bbcenter_left\u00a0\u00bb background_horizontal_offset=\u00a0\u00bb0%\u00a0\u00bb custom_button=\u00a0\u00bbon\u00a0\u00bb button_text_color=\u00a0\u00bb#621360&Prime; width_tablet=\u00a0\u00bb\u00a0\u00bb width_phone=\u00a0\u00bb\u00a0\u00bb width_last_edited=\u00a0\u00bbon|phone\u00a0\u00bb module_alignment=\u00a0\u00bbright\u00a0\u00bb custom_padding=\u00a0\u00bb|150px|100px|250px|false|false\u00a0\u00bb custom_padding_tablet=\u00a0\u00bb|150px|100px|250px|false|false\u00a0\u00bb custom_padding_phone=\u00a0\u00bb|10px||10px|false|false\u00a0\u00bb custom_padding_last_edited=\u00a0\u00bbon|phone\u00a0\u00bb background_last_edited=\u00a0\u00bbon|phone\u00a0\u00bb background_enable_image_phone=\u00a0\u00bboff\u00a0\u00bb box_shadow_style=\u00a0\u00bbpreset1&Prime; global_colors_info=\u00a0\u00bb{}\u00a0\u00bb][et_pb_contact_field field_id=\u00a0\u00bbName\u00a0\u00bb field_title=\u00a0\u00bbNom &#038; pr\u00e9nom\u00a0\u00bb _builder_version=\u00a0\u00bb4.25.2&Prime; form_field_background_color=\u00a0\u00bb#FFFFFF\u00a0\u00bb form_field_text_color=\u00a0\u00bb#000000&Prime; box_shadow_style=\u00a0\u00bbpreset1&Prime; global_colors_info=\u00a0\u00bb{}\u00a0\u00bb button_text_size__hover_enabled=\u00a0\u00bboff\u00a0\u00bb button_one_text_size__hover_enabled=\u00a0\u00bboff\u00a0\u00bb button_two_text_size__hover_enabled=\u00a0\u00bboff\u00a0\u00bb button_text_color__hover_enabled=\u00a0\u00bboff\u00a0\u00bb button_one_text_color__hover_enabled=\u00a0\u00bboff\u00a0\u00bb button_two_text_color__hover_enabled=\u00a0\u00bboff\u00a0\u00bb button_border_width__hover_enabled=\u00a0\u00bboff\u00a0\u00bb button_one_border_width__hover_enabled=\u00a0\u00bboff\u00a0\u00bb button_two_border_width__hover_enabled=\u00a0\u00bboff\u00a0\u00bb button_border_color__hover_enabled=\u00a0\u00bboff\u00a0\u00bb button_one_border_color__hover_enabled=\u00a0\u00bboff\u00a0\u00bb button_two_border_color__hover_enabled=\u00a0\u00bboff\u00a0\u00bb button_border_radius__hover_enabled=\u00a0\u00bboff\u00a0\u00bb button_one_border_radius__hover_enabled=\u00a0\u00bboff\u00a0\u00bb button_two_border_radius__hover_enabled=\u00a0\u00bboff\u00a0\u00bb button_letter_spacing__hover_enabled=\u00a0\u00bboff\u00a0\u00bb button_one_letter_spacing__hover_enabled=\u00a0\u00bboff\u00a0\u00bb button_two_letter_spacing__hover_enabled=\u00a0\u00bboff\u00a0\u00bb button_bg_color__hover_enabled=\u00a0\u00bboff\u00a0\u00bb button_one_bg_color__hover_enabled=\u00a0\u00bboff\u00a0\u00bb button_two_bg_color__hover_enabled=\u00a0\u00bboff\u00a0\u00bb][\/et_pb_contact_field][et_pb_contact_field field_id=\u00a0\u00bbEmail\u00a0\u00bb field_title=\u00a0\u00bbAdresse e-mail\u00a0\u00bb field_type=\u00a0\u00bbemail\u00a0\u00bb _builder_version=\u00a0\u00bb4.25.2&Prime; form_field_background_color=\u00a0\u00bb#FFFFFF\u00a0\u00bb form_field_text_color=\u00a0\u00bb#000000&Prime; box_shadow_style=\u00a0\u00bbpreset1&Prime; global_colors_info=\u00a0\u00bb{}\u00a0\u00bb button_text_size__hover_enabled=\u00a0\u00bboff\u00a0\u00bb button_one_text_size__hover_enabled=\u00a0\u00bboff\u00a0\u00bb button_two_text_size__hover_enabled=\u00a0\u00bboff\u00a0\u00bb button_text_color__hover_enabled=\u00a0\u00bboff\u00a0\u00bb button_one_text_color__hover_enabled=\u00a0\u00bboff\u00a0\u00bb button_two_text_color__hover_enabled=\u00a0\u00bboff\u00a0\u00bb button_border_width__hover_enabled=\u00a0\u00bboff\u00a0\u00bb button_one_border_width__hover_enabled=\u00a0\u00bboff\u00a0\u00bb button_two_border_width__hover_enabled=\u00a0\u00bboff\u00a0\u00bb button_border_color__hover_enabled=\u00a0\u00bboff\u00a0\u00bb button_one_border_color__hover_enabled=\u00a0\u00bboff\u00a0\u00bb button_two_border_color__hover_enabled=\u00a0\u00bboff\u00a0\u00bb button_border_radius__hover_enabled=\u00a0\u00bboff\u00a0\u00bb button_one_border_radius__hover_enabled=\u00a0\u00bboff\u00a0\u00bb button_two_border_radius__hover_enabled=\u00a0\u00bboff\u00a0\u00bb button_letter_spacing__hover_enabled=\u00a0\u00bboff\u00a0\u00bb button_one_letter_spacing__hover_enabled=\u00a0\u00bboff\u00a0\u00bb button_two_letter_spacing__hover_enabled=\u00a0\u00bboff\u00a0\u00bb button_bg_color__hover_enabled=\u00a0\u00bboff\u00a0\u00bb button_one_bg_color__hover_enabled=\u00a0\u00bboff\u00a0\u00bb button_two_bg_color__hover_enabled=\u00a0\u00bboff\u00a0\u00bb][\/et_pb_contact_field][et_pb_contact_field field_id=\u00a0\u00bbMessage\u00a0\u00bb field_title=\u00a0\u00bbMessage\u00a0\u00bb field_type=\u00a0\u00bbtext\u00a0\u00bb fullwidth_field=\u00a0\u00bbon\u00a0\u00bb _builder_version=\u00a0\u00bb4.25.2&Prime; form_field_background_color=\u00a0\u00bb#FFFFFF\u00a0\u00bb form_field_text_color=\u00a0\u00bb#000000&Prime; box_shadow_style=\u00a0\u00bbpreset1&Prime; global_colors_info=\u00a0\u00bb{}\u00a0\u00bb button_text_size__hover_enabled=\u00a0\u00bboff\u00a0\u00bb button_one_text_size__hover_enabled=\u00a0\u00bboff\u00a0\u00bb button_two_text_size__hover_enabled=\u00a0\u00bboff\u00a0\u00bb button_text_color__hover_enabled=\u00a0\u00bboff\u00a0\u00bb button_one_text_color__hover_enabled=\u00a0\u00bboff\u00a0\u00bb button_two_text_color__hover_enabled=\u00a0\u00bboff\u00a0\u00bb button_border_width__hover_enabled=\u00a0\u00bboff\u00a0\u00bb button_one_border_width__hover_enabled=\u00a0\u00bboff\u00a0\u00bb button_two_border_width__hover_enabled=\u00a0\u00bboff\u00a0\u00bb button_border_color__hover_enabled=\u00a0\u00bboff\u00a0\u00bb button_one_border_color__hover_enabled=\u00a0\u00bboff\u00a0\u00bb button_two_border_color__hover_enabled=\u00a0\u00bboff\u00a0\u00bb button_border_radius__hover_enabled=\u00a0\u00bboff\u00a0\u00bb button_one_border_radius__hover_enabled=\u00a0\u00bboff\u00a0\u00bb button_two_border_radius__hover_enabled=\u00a0\u00bboff\u00a0\u00bb button_letter_spacing__hover_enabled=\u00a0\u00bboff\u00a0\u00bb button_one_letter_spacing__hover_enabled=\u00a0\u00bboff\u00a0\u00bb button_two_letter_spacing__hover_enabled=\u00a0\u00bboff\u00a0\u00bb button_bg_color__hover_enabled=\u00a0\u00bboff\u00a0\u00bb button_one_bg_color__hover_enabled=\u00a0\u00bboff\u00a0\u00bb button_two_bg_color__hover_enabled=\u00a0\u00bboff\u00a0\u00bb][\/et_pb_contact_field][\/et_pb_contact_form][\/et_pb_column][\/et_pb_row][et_pb_row column_structure=\u00a0\u00bb1_2,1_2&Prime; custom_padding_last_edited=\u00a0\u00bbon|phone\u00a0\u00bb _builder_version=\u00a0\u00bb4.25.2&Prime; _module_preset=\u00a0\u00bbdefault\u00a0\u00bb background_image=\u00a0\u00bbhttps:\/\/egerie.art\/wp-content\/uploads\/2024\/06\/presentation-egerie-bas.png\u00a0\u00bb background_size=\u00a0\u00bbinitial\u00a0\u00bb background_position=\u00a0\u00bbcenter_left\u00a0\u00bb background_repeat=\u00a0\u00bbrepeat-x\u00a0\u00bb width=\u00a0\u00bb100%\u00a0\u00bb max_width=\u00a0\u00bb100%\u00a0\u00bb custom_margin=\u00a0\u00bb0px||||false|false\u00a0\u00bb custom_padding=\u00a0\u00bb30px||0px||false|false\u00a0\u00bb custom_padding_tablet=\u00a0\u00bb30px||0px||false|false\u00a0\u00bb custom_padding_phone=\u00a0\u00bb30px||0px||false|false\u00a0\u00bb global_colors_info=\u00a0\u00bb{}\u00a0\u00bb][et_pb_column type=\u00a0\u00bb1_2&Prime; _builder_version=\u00a0\u00bb4.25.2&Prime; _module_preset=\u00a0\u00bbdefault\u00a0\u00bb custom_padding=\u00a0\u00bb0px||||false|false\u00a0\u00bb global_colors_info=\u00a0\u00bb{}\u00a0\u00bb][et_pb_image src=\u00a0\u00bbhttps:\/\/egerie.art\/wp-content\/uploads\/2024\/06\/presentation-egerie-2-1.png\u00a0\u00bb title_text=\u00a0\u00bbpresentation-egerie-bas\u00a0\u00bb align_tablet=\u00a0\u00bb\u00a0\u00bb align_phone=\u00a0\u00bb\u00a0\u00bb align_last_edited=\u00a0\u00bbon|desktop\u00a0\u00bb disabled_on=\u00a0\u00bbon|off|off\u00a0\u00bb _builder_version=\u00a0\u00bb4.27.0&Prime; _module_preset=\u00a0\u00bbdefault\u00a0\u00bb background_enable_image=\u00a0\u00bboff\u00a0\u00bb background_size=\u00a0\u00bbinitial\u00a0\u00bb background_position=\u00a0\u00bbcenter_left\u00a0\u00bb background_repeat=\u00a0\u00bbrepeat-x\u00a0\u00bb custom_margin=\u00a0\u00bb-30px|0px|0px||false|false\u00a0\u00bb custom_margin_tablet=\u00a0\u00bb-30px|0px|0px||false|false\u00a0\u00bb custom_margin_phone=\u00a0\u00bb-30px|0px|0px||false|false\u00a0\u00bb custom_margin_last_edited=\u00a0\u00bbon|desktop\u00a0\u00bb custom_padding=\u00a0\u00bb0px||||false|false\u00a0\u00bb custom_padding_tablet=\u00a0\u00bb0px||||false|false\u00a0\u00bb custom_padding_phone=\u00a0\u00bb||0px||false|false\u00a0\u00bb custom_padding_last_edited=\u00a0\u00bbon|desktop\u00a0\u00bb global_colors_info=\u00a0\u00bb{}\u00a0\u00bb][\/et_pb_image][\/et_pb_column][et_pb_column type=\u00a0\u00bb1_2&Prime; _builder_version=\u00a0\u00bb4.25.2&Prime; _module_preset=\u00a0\u00bbdefault\u00a0\u00bb custom_padding=\u00a0\u00bb0px||||false|false\u00a0\u00bb global_colors_info=\u00a0\u00bb{}\u00a0\u00bb][et_pb_image src=\u00a0\u00bbhttps:\/\/egerie.art\/wp-content\/uploads\/2024\/06\/egerie-bas.png\u00a0\u00bb title_text=\u00a0\u00bbpresentation-egerie-bas\u00a0\u00bb align=\u00a0\u00bbright\u00a0\u00bb _builder_version=\u00a0\u00bb4.25.2&Prime; _module_preset=\u00a0\u00bbdefault\u00a0\u00bb background_enable_image=\u00a0\u00bboff\u00a0\u00bb background_size=\u00a0\u00bbinitial\u00a0\u00bb background_position=\u00a0\u00bbtop_left\u00a0\u00bb background_repeat=\u00a0\u00bbrepeat-x\u00a0\u00bb custom_padding=\u00a0\u00bb30px||||false|false\u00a0\u00bb custom_padding_tablet=\u00a0\u00bb30px||||false|false\u00a0\u00bb custom_padding_phone=\u00a0\u00bb10px||||false|false\u00a0\u00bb custom_padding_last_edited=\u00a0\u00bbon|phone\u00a0\u00bb global_colors_info=\u00a0\u00bb{}\u00a0\u00bb][\/et_pb_image][\/et_pb_column][\/et_pb_row][\/et_pb_section]<\/p>\n","protected":false},"excerpt":{"rendered":"<p>A propos \u00c9g\u00e9rie &#8211; inspirer &#8211; cr\u00e9er vous accompagne dans la r\u00e9alisation de vos projets litt\u00e9raires. \u00c9g\u00e9rie comme conseill\u00e8re et inspiratrice des \u00e9crivain.e.x ou des porteur.euse.x de projets en lien aux mots. &nbsp; Bio Autrice, experte en litt\u00e9rature romande et gestionnaire culturelle, je vous conseille et vous guide dans votre parcours. Dipl\u00f4m\u00e9e en Lettres en [&hellip;]<\/p>\n","protected":false},"author":2,"featured_media":0,"parent":0,"menu_order":0,"comment_status":"closed","ping_status":"closed","template":"","meta":{"_et_pb_use_builder":"on","_et_pb_old_content":"","_et_gb_content_width":"","footnotes":""},"class_list":["post-14","page","type-page","status-publish","hentry"],"_links":{"self":[{"href":"https:\/\/egerie.art\/index.php?rest_route=\/wp\/v2\/pages\/14","targetHints":{"allow":["GET"]}}],"collection":[{"href":"https:\/\/egerie.art\/index.php?rest_route=\/wp\/v2\/pages"}],"about":[{"href":"https:\/\/egerie.art\/index.php?rest_route=\/wp\/v2\/types\/page"}],"author":[{"embeddable":true,"href":"https:\/\/egerie.art\/index.php?rest_route=\/wp\/v2\/users\/2"}],"replies":[{"embeddable":true,"href":"https:\/\/egerie.art\/index.php?rest_route=%2Fwp%2Fv2%2Fcomments&post=14"}],"version-history":[{"count":120,"href":"https:\/\/egerie.art\/index.php?rest_route=\/wp\/v2\/pages\/14\/revisions"}],"predecessor-version":[{"id":250,"href":"https:\/\/egerie.art\/index.php?rest_route=\/wp\/v2\/pages\/14\/revisions\/250"}],"wp:attachment":[{"href":"https:\/\/egerie.art\/index.php?rest_route=%2Fwp%2Fv2%2Fmedia&parent=14"}],"curies":[{"name":"wp","href":"https:\/\/api.w.org\/{rel}","templated":true}]}}